{"id":1648,"date":"2020-08-10T21:52:23","date_gmt":"2020-08-10T21:52:23","guid":{"rendered":"http:\/\/uwg-hausen.de\/?post_type=tribe_events&#038;p=1648"},"modified":"2020-08-15T13:54:04","modified_gmt":"2020-08-15T13:54:04","slug":"gemeinderatssitzung-september-2020","status":"publish","type":"tribe_events","link":"https:\/\/uwg-hausen.de\/?tribe_events=gemeinderatssitzung-september-2020","title":{"rendered":"Gemeinderatssitzung &#8211; September 2020"},"content":{"rendered":"<p style=\"text-align: left;\">Am Montag den 07.09.2020 um 19:00 Uhr findet die n\u00e4chste Gemeinderatsitzung, vorraussichtlich wieder in der Mehrzweckhalle Hausen statt.<br \/>\nDie Gemeinde l\u00e4d wie immer alle interessierten B\u00fcrger ein.<\/p>\n<p><strong>Denkt bitte an Euren <a href=\"https:\/\/www.facebook.com\/hashtag\/mundschutz\" target=\"_blank\" rel=\"noreferrer noopener\">Mundschutz<\/a>!<\/strong><\/p>\n<p><b>\u00d6ffentliche Tagesordnung: &#8211; derzeit noch nicht verf\u00fcgbar &#8211;<br \/>\n<\/b><\/p>\n<table style=\"height: 156px;\" width=\"901\">\n<tbody>\n<tr>\n<td width=\"11%\">01<\/td>\n<td width=\"89%\"><\/td>\n<\/tr>\n<tr>\n<td width=\"11%\">02<\/td>\n<td width=\"89%\"><\/td>\n<\/tr>\n<tr>\n<td width=\"11%\">03<\/td>\n<td width=\"89%\"><\/td>\n<\/tr>\n<tr>\n<td width=\"11%\">04<\/td>\n<td width=\"89%\"><\/td>\n<\/tr>\n<tr>\n<td width=\"11%\">05<\/td>\n<td width=\"89%\"><\/td>\n<\/tr>\n<tr>\n<td width=\"11%\"><\/td>\n<td width=\"89%\"><\/td>\n<\/tr>\n<tr>\n<td width=\"11%\"><\/td>\n<td width=\"89%\"><\/td>\n<\/tr>\n<tr>\n<td width=\"11%\"><\/td>\n<td width=\"89%\"><\/td>\n<\/tr>\n<tr>\n<td width=\"11%\"><\/td>\n<td width=\"89%\"><\/td>\n<\/tr>\n<tr>\n<td width=\"11%\"><\/td>\n<td width=\"89%\"><\/td>\n<\/tr>\n<\/tbody>\n<\/table>\n<p>&nbsp;<\/p>\n<p>&nbsp;<\/p>\n<p><strong>Im Nachgang werden wir wieder in einem ausf\u00fchrlichen Beitrag \u00fcber den Verlauf und die Inahlte berichten.<\/strong><\/p>\n<p>&nbsp;<\/p>\n<p><em>*Die verwendete Endzeit ist nur rein formell und entspricht keiner Vorgabe aus der Gemeinde.<\/em><strong><br \/>\n<\/strong><\/p>\n<p><strong>\u00a0<\/strong><\/p>\n","protected":false},"excerpt":{"rendered":"<p>Am Montag den 07.09.2020 um 19:00 Uhr findet die n\u00e4chste Gemeinderatsitzung, vorraussichtlich wieder in der Mehrzweckhalle Hausen statt. Die Gemeinde l\u00e4d wie immer alle interessierten B\u00fcrger ein. Denkt bitte an <a class=\"more-link\" href=\"https:\/\/uwg-hausen.de\/?tribe_events=gemeinderatssitzung-september-2020\">Weiterlesen <i class=\"fa fa-chevron-right\"><\/i><\/a><\/p>\n","protected":false},"author":7,"featured_media":0,"template":"","meta":{"_eb_attr":"","_tribe_events_status":"","_tribe_events_status_reason":"","footnotes":""},"tags":[],"tribe_events_cat":[111,12,115],"class_list":["post-1648","tribe_events","type-tribe_events","status-publish","hentry","tribe_events_cat-entwicklung","tribe_events_cat-gemeinderatssitzung","tribe_events_cat-leben-in-hausen","cat_entwicklung","cat_gemeinderatssitzung","cat_leben-in-hausen"],"_links":{"self":[{"href":"https:\/\/uwg-hausen.de\/index.php?rest_route=\/wp\/v2\/tribe_events\/1648","targetHints":{"allow":["GET"]}}],"collection":[{"href":"https:\/\/uwg-hausen.de\/index.php?rest_route=\/wp\/v2\/tribe_events"}],"about":[{"href":"https:\/\/uwg-hausen.de\/index.php?rest_route=\/wp\/v2\/types\/tribe_events"}],"author":[{"embeddable":true,"href":"https:\/\/uwg-hausen.de\/index.php?rest_route=\/wp\/v2\/users\/7"}],"version-history":[{"count":1,"href":"https:\/\/uwg-hausen.de\/index.php?rest_route=\/wp\/v2\/tribe_events\/1648\/revisions"}],"predecessor-version":[{"id":1649,"href":"https:\/\/uwg-hausen.de\/index.php?rest_route=\/wp\/v2\/tribe_events\/1648\/revisions\/1649"}],"wp:attachment":[{"href":"https:\/\/uwg-hausen.de\/index.php?rest_route=%2Fwp%2Fv2%2Fmedia&parent=1648"}],"wp:term":[{"taxonomy":"post_tag","embeddable":true,"href":"https:\/\/uwg-hausen.de\/index.php?rest_route=%2Fwp%2Fv2%2Ftags&post=1648"},{"taxonomy":"tribe_events_cat","embeddable":true,"href":"https:\/\/uwg-hausen.de\/index.php?rest_route=%2Fwp%2Fv2%2Ftribe_events_cat&post=1648"}],"curies":[{"name":"wp","href":"https:\/\/api.w.org\/{rel}","templated":true}]}}