{"id":1628,"date":"2020-07-27T06:56:20","date_gmt":"2020-07-27T06:56:20","guid":{"rendered":"http:\/\/uwg-hausen.de\/?post_type=tribe_events&#038;p=1628"},"modified":"2020-08-15T13:55:06","modified_gmt":"2020-08-15T13:55:06","slug":"bauausschuss-august-2020","status":"publish","type":"tribe_events","link":"https:\/\/uwg-hausen.de\/?tribe_events=bauausschuss-august-2020","title":{"rendered":"Bauausschuss &#8211; August 2020"},"content":{"rendered":"<p style=\"text-align: left;\">Am Dienstag den 11.08.2020 findet um 19:00 Uhr die Sitzung vom Bauausschuss, in der Mehrzweckhalle Hausen statt.<br \/>\nDie Gemeinde wird wie immer alle interessierten B\u00fcrger einladen.<br \/>\n<strong>Denkt bitte an Euren <a href=\"https:\/\/www.facebook.com\/hashtag\/mundschutz\" target=\"_blank\" rel=\"noreferrer noopener\">Mundschutz<\/a>!<\/strong><\/p>\n<p><b>\u00d6ffentliche Tagesordnung:<br \/>\n<\/b><\/p>\n<table width=\"100%\">\n<tbody>\n<tr>\n<td width=\"11%\">01<\/td>\n<td width=\"89%\">Genehmigung der \u00f6ffentlichen Niederschrift vom 14.07.2020<\/td>\n<\/tr>\n<tr>\n<td width=\"11%\">02<\/td>\n<td width=\"89%\">\u00d6ffentliche Bekanntgabe der in der nicht\u00f6ffentlichen Sitzung gefassten Beschl\u00fcsse<\/td>\n<\/tr>\n<tr>\n<td width=\"11%\">03<\/td>\n<td width=\"89%\">Erweiterung der bestehenden Werkhalle auf dem Grundst\u00fcck Fl.-Nr. 1690 der Gmkg. Hausen<\/td>\n<\/tr>\n<tr>\n<td width=\"11%\">04<\/td>\n<td width=\"89%\">Neubau einer Terrassen\u00fcberdachung auf dem Grundst\u00fcck Fl.-Nr. 860\/33 der Gmkg. Hausen<\/td>\n<\/tr>\n<tr>\n<td width=\"11%\">05<\/td>\n<td width=\"89%\">Umnutzung und Umbau von ehemals gewerblich genutzten Fl\u00e4chen zu Wohnzwecken\/-nutzung mit Errichtung einer Gartenanlage, Neuerrichtung von einer Garagenanlage und Garagengeb\u00e4ude, Errichtung einer Einfriedung um das Areal auf dem Grundst\u00fcck Fl.-Nr. 216 der Gmkg. Hausen<\/td>\n<\/tr>\n<tr>\n<td width=\"11%\">06<\/td>\n<td width=\"89%\">Errichtung von drei mobilen H\u00fchnerst\u00e4llen auf den Grundst\u00fccken Fl.-Nrn. 397 und 557 der Gmkg. Hausen<\/td>\n<\/tr>\n<tr>\n<td width=\"11%\">07<\/td>\n<td width=\"89%\">Nutzungs\u00e4nderung &#8211; Werkstatt wird Unverpackt-Laden auf dem Grundst\u00fcck Fl.-Nr. 1694 der Gmkg. Hausen<\/td>\n<\/tr>\n<tr>\n<td width=\"11%\">08<\/td>\n<td width=\"89%\">Beteiligung der Tr\u00e4ger \u00f6ffentlicher Belange gem. \u00a7 4 Abs. 2 BauGB zur 12. \u00c4nderung des Fl\u00e4chennutzungsplanes im Bereich &#8220;M\u00fcnchswiesen I+&#8221;<\/td>\n<\/tr>\n<tr>\n<td width=\"11%\">09<\/td>\n<td width=\"89%\">Tagesordnungserg\u00e4nzungen, Informationen und Anfragen<\/td>\n<\/tr>\n<\/tbody>\n<\/table>\n<p><em>*Die verwendete Endzeit ist nur rein formell und entspricht keiner Vorgabe.<\/em><strong><br \/>\n<\/strong><\/p>\n","protected":false},"excerpt":{"rendered":"<p>Am Dienstag den 11.08.2020 findet um 19:00 Uhr die Sitzung vom Bauausschuss, in der Mehrzweckhalle Hausen statt. Die Gemeinde wird wie immer alle interessierten B\u00fcrger einladen. Denkt bitte an Euren <a class=\"more-link\" href=\"https:\/\/uwg-hausen.de\/?tribe_events=bauausschuss-august-2020\">Weiterlesen <i class=\"fa fa-chevron-right\"><\/i><\/a><\/p>\n","protected":false},"author":7,"featured_media":0,"template":"","meta":{"_eb_attr":"","_tribe_events_status":"","_tribe_events_status_reason":"","footnotes":""},"tags":[],"tribe_events_cat":[15,111,113,112,115],"class_list":["post-1628","tribe_events","type-tribe_events","status-publish","hentry","tribe_events_cat-bauausschusssitzung","tribe_events_cat-entwicklung","tribe_events_cat-infrastruktur","tribe_events_cat-isek","tribe_events_cat-leben-in-hausen","cat_bauausschusssitzung","cat_entwicklung","cat_infrastruktur","cat_isek","cat_leben-in-hausen"],"_links":{"self":[{"href":"https:\/\/uwg-hausen.de\/index.php?rest_route=\/wp\/v2\/tribe_events\/1628","targetHints":{"allow":["GET"]}}],"collection":[{"href":"https:\/\/uwg-hausen.de\/index.php?rest_route=\/wp\/v2\/tribe_events"}],"about":[{"href":"https:\/\/uwg-hausen.de\/index.php?rest_route=\/wp\/v2\/types\/tribe_events"}],"author":[{"embeddable":true,"href":"https:\/\/uwg-hausen.de\/index.php?rest_route=\/wp\/v2\/users\/7"}],"version-history":[{"count":6,"href":"https:\/\/uwg-hausen.de\/index.php?rest_route=\/wp\/v2\/tribe_events\/1628\/revisions"}],"predecessor-version":[{"id":1652,"href":"https:\/\/uwg-hausen.de\/index.php?rest_route=\/wp\/v2\/tribe_events\/1628\/revisions\/1652"}],"wp:attachment":[{"href":"https:\/\/uwg-hausen.de\/index.php?rest_route=%2Fwp%2Fv2%2Fmedia&parent=1628"}],"wp:term":[{"taxonomy":"post_tag","embeddable":true,"href":"https:\/\/uwg-hausen.de\/index.php?rest_route=%2Fwp%2Fv2%2Ftags&post=1628"},{"taxonomy":"tribe_events_cat","embeddable":true,"href":"https:\/\/uwg-hausen.de\/index.php?rest_route=%2Fwp%2Fv2%2Ftribe_events_cat&post=1628"}],"curies":[{"name":"wp","href":"https:\/\/api.w.org\/{rel}","templated":true}]}}