{"id":1621,"date":"2020-07-21T05:27:21","date_gmt":"2020-07-21T05:27:21","guid":{"rendered":"http:\/\/uwg-hausen.de\/?post_type=tribe_events&#038;p=1621"},"modified":"2020-08-15T13:55:21","modified_gmt":"2020-08-15T13:55:21","slug":"gemeinderatssitzung-august-2020","status":"publish","type":"tribe_events","link":"https:\/\/uwg-hausen.de\/?tribe_events=gemeinderatssitzung-august-2020","title":{"rendered":"Gemeinderatssitzung &#8211; August 2020"},"content":{"rendered":"<p style=\"text-align: left;\">Am Montag den 03.08.2020 um 19:00 Uhr findet die n\u00e4chste Gemeinderatsitzung, vorraussichtlich wieder in der Mehrzweckhalle Hausen statt.<br \/>\nDie Gemeinde l\u00e4d auch diesmal wieder alle interessierten B\u00fcrger ein.<\/p>\n<p><strong>Denkt bitte an Euren <a href=\"https:\/\/www.facebook.com\/hashtag\/mundschutz\" target=\"_blank\" rel=\"noreferrer noopener\">Mundschutz<\/a>!<\/strong><\/p>\n<p><b>\u00d6ffentliche Tagesordnung:<br \/>\n<\/b><\/p>\n<table style=\"height: 156px;\" width=\"901\">\n<tbody>\n<tr>\n<td width=\"11%\">01<\/td>\n<td width=\"89%\">Genehmigung der \u00f6ffentlichen Niederschrift vom 06.07.2020<\/td>\n<\/tr>\n<tr>\n<td width=\"11%\">02<\/td>\n<td width=\"89%\">Vorstellung des aktuellen Planungsstandes zum Umbau des Mehrzweckzentrums inkl. Rathaus<\/td>\n<\/tr>\n<tr>\n<td width=\"11%\">03<\/td>\n<td width=\"89%\">Information des ersten B\u00fcrgermeisters<\/td>\n<\/tr>\n<tr>\n<td width=\"11%\">04<\/td>\n<td width=\"89%\">\u00d6ffentliche Bekanntgabe der in der nicht\u00f6ffentlichen Sitzung gefassten Beschl\u00fcsse<\/td>\n<\/tr>\n<tr>\n<td width=\"11%\">05<\/td>\n<td width=\"89%\">Tagesordnungserg\u00e4nzungen und Anfragen<\/td>\n<\/tr>\n<tr>\n<td width=\"11%\"><\/td>\n<td width=\"89%\"><\/td>\n<\/tr>\n<tr>\n<td width=\"11%\"><\/td>\n<td width=\"89%\"><\/td>\n<\/tr>\n<tr>\n<td width=\"11%\"><\/td>\n<td width=\"89%\"><\/td>\n<\/tr>\n<tr>\n<td width=\"11%\"><\/td>\n<td width=\"89%\"><\/td>\n<\/tr>\n<tr>\n<td width=\"11%\"><\/td>\n<td width=\"89%\"><\/td>\n<\/tr>\n<\/tbody>\n<\/table>\n<p>&nbsp;<\/p>\n<p>&nbsp;<\/p>\n<p><strong>Im Nachgang werden wir wieder in einem ausf\u00fchrlichen Beitrag \u00fcber den Verlauf und die Inahlte berichten.<\/strong><\/p>\n<p>&nbsp;<\/p>\n<p><em>*Die verwendete Endzeit ist nur rein formell und entspricht keiner Vorgabe aus der Gemeinde.<\/em><strong><br \/>\n<\/strong><\/p>\n<p><strong>\u00a0<\/strong><\/p>\n","protected":false},"excerpt":{"rendered":"<p>Am Montag den 03.08.2020 um 19:00 Uhr findet die n\u00e4chste Gemeinderatsitzung, vorraussichtlich wieder in der Mehrzweckhalle Hausen statt. Die Gemeinde l\u00e4d auch diesmal wieder alle interessierten B\u00fcrger ein. Denkt bitte <a class=\"more-link\" href=\"https:\/\/uwg-hausen.de\/?tribe_events=gemeinderatssitzung-august-2020\">Weiterlesen <i class=\"fa fa-chevron-right\"><\/i><\/a><\/p>\n","protected":false},"author":7,"featured_media":0,"template":"","meta":{"_eb_attr":"","_tribe_events_status":"","_tribe_events_status_reason":"","footnotes":""},"tags":[],"tribe_events_cat":[111,12,115],"class_list":["post-1621","tribe_events","type-tribe_events","status-publish","hentry","tribe_events_cat-entwicklung","tribe_events_cat-gemeinderatssitzung","tribe_events_cat-leben-in-hausen","cat_entwicklung","cat_gemeinderatssitzung","cat_leben-in-hausen"],"_links":{"self":[{"href":"https:\/\/uwg-hausen.de\/index.php?rest_route=\/wp\/v2\/tribe_events\/1621","targetHints":{"allow":["GET"]}}],"collection":[{"href":"https:\/\/uwg-hausen.de\/index.php?rest_route=\/wp\/v2\/tribe_events"}],"about":[{"href":"https:\/\/uwg-hausen.de\/index.php?rest_route=\/wp\/v2\/types\/tribe_events"}],"author":[{"embeddable":true,"href":"https:\/\/uwg-hausen.de\/index.php?rest_route=\/wp\/v2\/users\/7"}],"version-history":[{"count":7,"href":"https:\/\/uwg-hausen.de\/index.php?rest_route=\/wp\/v2\/tribe_events\/1621\/revisions"}],"predecessor-version":[{"id":1689,"href":"https:\/\/uwg-hausen.de\/index.php?rest_route=\/wp\/v2\/tribe_events\/1621\/revisions\/1689"}],"wp:attachment":[{"href":"https:\/\/uwg-hausen.de\/index.php?rest_route=%2Fwp%2Fv2%2Fmedia&parent=1621"}],"wp:term":[{"taxonomy":"post_tag","embeddable":true,"href":"https:\/\/uwg-hausen.de\/index.php?rest_route=%2Fwp%2Fv2%2Ftags&post=1621"},{"taxonomy":"tribe_events_cat","embeddable":true,"href":"https:\/\/uwg-hausen.de\/index.php?rest_route=%2Fwp%2Fv2%2Ftribe_events_cat&post=1621"}],"curies":[{"name":"wp","href":"https:\/\/api.w.org\/{rel}","templated":true}]}}