{"id":2731,"date":"2026-01-19T23:02:09","date_gmt":"2026-01-19T22:02:09","guid":{"rendered":"https:\/\/uwg-hausen.de\/?page_id=2731"},"modified":"2026-01-19T23:02:33","modified_gmt":"2026-01-19T22:02:33","slug":"juw-kandidatinnen-und-kandidaten-2026","status":"publish","type":"page","link":"https:\/\/uwg-hausen.de\/?page_id=2731","title":{"rendered":"JUW Kandidatinnen und Kandidaten 2026"},"content":{"rendered":"\n<h4 class=\"wp-block-heading has-text-align-center\">Die Kandidatinnen und Kandidaten der JUW-Hausen f\u00fcr den Gemeinderat zur Kommunalwahl am 08.03.2026<br><\/h4>\n\n\n\n<hr class=\"wp-block-separator has-css-opacity\"\/>\n\n\n\n<p class=\"has-text-align-center has-vivid-cyan-blue-color has-text-color has-normal-font-size\"><strong>Tip: Klicke auf ein Bild f\u00fcr eine gr\u00f6\u00dfere Anzeige und <br>schau&#8217; Dir dabei gleichzeitig das Statement jedes Kandidaten an.<\/strong><\/p>\n\n\n<style type=\"text\/css\">\n#foogallery-gallery-2849.fg-masonry { --fg-gutter: 20px; }<\/style>\n\t\t\t<div class=\"foogallery foogallery-container foogallery-masonry foogallery-lightbox-foobox fg-center fg-masonry fg-ready fg-light fg-round-medium fg-shadow-medium fg-shadow-inset-medium fg-loading-trail fg-loaded-fade-in fg-hover-grayscale fg-caption-hover fg-hover-slide-up fg-hover-eye fg-col4\" id=\"foogallery-gallery-2849\" data-foogallery=\"{&quot;item&quot;:{&quot;showCaptionTitle&quot;:true,&quot;showCaptionDescription&quot;:false},&quot;lazy&quot;:true}\" style=\"--fg-title-line-clamp: 0; --fg-description-line-clamp: 0;\" >\n\t\t<div class=\"fg-column-width\"><\/div>\n\t<div class=\"fg-gutter-width\"><\/div>\n\t\t<div class=\"fg-item fg-type-image fg-idle\"><figure class=\"fg-item-inner\"><a href=\"http:\/\/uwg-hausen.de\/wp-content\/uploads\/2026\/01\/JUW-26_01-LEnslinger.png\" target=\"foobox\" data-caption-title=\"Mehr zu Linda Enslinger (Listenplatz 01)\" data-caption-desc=\"Unsere Spitzenkandidatin: Linda Enslinger (Listenplatz 01) \u2013 20 Jahre, \n\nVerwaltungswirtin.\n\nLinda bringt nicht nur Fachwissen aus der \u00f6ffentlichen Verwaltung mit, sondern vor allem eines: echtes Interesse an den Menschen in unserer Gemeinde. Sie wei\u00df, wie wichtig klare Kommunikation und nachvollziehbare Entscheidungen sind \u2013 damit Politik verst\u00e4ndlich bleibt und Vertrauen schafft.\nF\u00fcr Linda bedeutet Politik, zuzuh\u00f6ren, Anliegen ernst zu nehmen und offen dar\u00fcber zu sprechen, was entschieden wird und warum. Informationen sollen nicht irgendwo \u201eentstehen\u201c, sondern f\u00fcr alle zug\u00e4nglich, transparent und fair sein. So wird Beteiligung m\u00f6glich und das Miteinander im Ort gest\u00e4rkt.\" data-attachment-id=\"2827\" data-e-disable-page-transition=\"true\" data-type=\"image\" class=\"fg-thumb\"><span class=\"fg-image-wrap\"><img decoding=\"async\" alt=\"Mehr zu Linda Enslinger (Listenplatz 01)\" title=\"Unsere Spitzenkandidatin: Linda Enslinger (Listenplatz 01)\n20 Jahre, \nVerwaltungswirtin\" width=\"180\" height=\"180\" class=\"skip-lazy fg-image\" data-src-fg=\"https:\/\/uwg-hausen.de\/wp-content\/uploads\/cache\/2026\/01\/UWG-2026_01-Linda_Thumb\/3332054151.jpg\" src=\"data:image\/svg+xml,%3Csvg%20xmlns%3D%22http%3A%2F%2Fwww.w3.org%2F2000%2Fsvg%22%20width%3D%22180%22%20height%3D%22180%22%20viewBox%3D%220%200%20180%20180%22%3E%3C%2Fsvg%3E\" loading=\"eager\"><\/span><span class=\"fg-image-overlay\"><\/span><\/a><figcaption class=\"fg-caption\"><div class=\"fg-caption-inner\"><div class=\"fg-caption-title\">Mehr zu Linda Enslinger (Listenplatz 01)<\/div><\/div><\/figcaption><\/figure><div class=\"fg-loader\"><\/div><\/div><div class=\"fg-item fg-type-image fg-idle\"><figure class=\"fg-item-inner\"><a href=\"http:\/\/uwg-hausen.de\/wp-content\/uploads\/2026\/01\/JUW-26_02-NWeickert.png\" target=\"foobox\" data-caption-title=\"Mehr zu Niklas Weickert (Listenplatz 02)\" data-caption-desc=\"Niklas Weickert (Listenplatz 02) \u2013 26, B.Eng. Elektrotechnik, Elektrokonstrukteur.\nNiklas m\u00f6chte sich daf\u00fcr einsetzen, dass die finanziellen Mittel unserer Gemeinde verantwortungsvoll und mit Augenma\u00df eingesetzt werden. Durch durchdachtes Haushalten und klare Priorit\u00e4ten sieht er die Chance, die aktuelle Situation zu stabilisieren und Hausen sowie Wimmelbach zukunftsf\u00e4hig aufzustellen.\nSein technischer Hintergrund hilft ihm dabei, strukturiert zu denken, Zusammenh\u00e4nge n\u00fcchtern zu bewerten und Entscheidungen faktenbasiert zu treffen \u2013 immer mit Blick auf das, was langfristig sinnvoll und leistbar ist.\" data-attachment-id=\"2828\" data-e-disable-page-transition=\"true\" data-type=\"image\" class=\"fg-thumb\"><span class=\"fg-image-wrap\"><img decoding=\"async\" alt=\"Mehr zu Niklas Weickert (Listenplatz 02)\" title=\"Niklas Weickert (Listenplatz 02)\n26 Jahre, B.Eng. \nElektrotechnik, Elektrokonstrukteur\" width=\"180\" height=\"180\" class=\"skip-lazy fg-image\" data-src-fg=\"https:\/\/uwg-hausen.de\/wp-content\/uploads\/cache\/2026\/01\/UWG-2026_02-Niklas_Thumb\/4017596360.jpg\" src=\"data:image\/svg+xml,%3Csvg%20xmlns%3D%22http%3A%2F%2Fwww.w3.org%2F2000%2Fsvg%22%20width%3D%22180%22%20height%3D%22180%22%20viewBox%3D%220%200%20180%20180%22%3E%3C%2Fsvg%3E\" loading=\"eager\"><\/span><span class=\"fg-image-overlay\"><\/span><\/a><figcaption class=\"fg-caption\"><div class=\"fg-caption-inner\"><div class=\"fg-caption-title\">Mehr zu Niklas Weickert (Listenplatz 02)<\/div><\/div><\/figcaption><\/figure><div class=\"fg-loader\"><\/div><\/div><div class=\"fg-item fg-type-image fg-idle\"><figure class=\"fg-item-inner\"><a href=\"http:\/\/uwg-hausen.de\/wp-content\/uploads\/2026\/01\/JUW-26_03-DKupfer.png\" target=\"foobox\" data-caption-title=\"Mehr zu Daniel Kupfer (Listenplatz 03)\" data-caption-desc=\"Daniel Kupfer (Listenplatz 03) \u2013 33, selbstst\u00e4ndiger Parkettleger mit eigenem Betrieb.\n\nDaniel steht f\u00fcr Handwerk, regionale Wertsch\u00f6pfung und Wimmelbach.\nAls selbstst\u00e4ndiger Handwerker wei\u00df er aus eigener Erfahrung, was das lokale Gewerbe braucht, um bestehen zu k\u00f6nnen: verl\u00e4ssliche Rahmenbedingungen, sinnvoll geplante Gewerbefl\u00e4chen und kurze Wege.\nGut geplante Gewerbegebiete sichern Arbeitspl\u00e4tze, schaffen Ausbildungspl\u00e4tze und sorgen daf\u00fcr, dass Wertsch\u00f6pfung in Hausen und Wimmelbach bleibt \u2013 statt abzuwandern.\" data-attachment-id=\"2829\" data-e-disable-page-transition=\"true\" data-type=\"image\" class=\"fg-thumb\"><span class=\"fg-image-wrap\"><img decoding=\"async\" alt=\"Mehr zu Daniel Kupfer (Listenplatz 03)\" title=\"Daniel Kupfer (Listenplatz 03),\n33 Jahre, \nselbstst\u00e4ndiger Parkettleger mit eigenem Betrieb\" width=\"180\" height=\"180\" class=\"skip-lazy fg-image\" data-src-fg=\"https:\/\/uwg-hausen.de\/wp-content\/uploads\/cache\/2026\/01\/UWG-2026_03-Daniel_Thumb\/4191536280.jpg\" src=\"data:image\/svg+xml,%3Csvg%20xmlns%3D%22http%3A%2F%2Fwww.w3.org%2F2000%2Fsvg%22%20width%3D%22180%22%20height%3D%22180%22%20viewBox%3D%220%200%20180%20180%22%3E%3C%2Fsvg%3E\" loading=\"eager\"><\/span><span class=\"fg-image-overlay\"><\/span><\/a><figcaption class=\"fg-caption\"><div class=\"fg-caption-inner\"><div class=\"fg-caption-title\">Mehr zu Daniel Kupfer (Listenplatz 03)<\/div><\/div><\/figcaption><\/figure><div class=\"fg-loader\"><\/div><\/div><div class=\"fg-item fg-type-image fg-idle\"><figure class=\"fg-item-inner\"><a href=\"http:\/\/uwg-hausen.de\/wp-content\/uploads\/2026\/01\/JUW-26_04-LDippacher.png\" target=\"foobox\" data-caption-title=\"Mehr zu Lisa Dippacher (Listenplatz 04)\" data-caption-desc=\"Lisa Dippacher (Listenplatz 04) \u2013 35, \nDiplom-Wirtschaftsingenieurin (Univ.), Prozessplanerin in der Fertigung f\u00fcr R\u00f6ntgensysteme.\n\nAls berufst\u00e4tige Mutter und Wirtschaftsingenieurin wei\u00df Lisa, wie wichtig verl\u00e4ssliche Strukturen, klare Prozesse und durchdachte Planung sind. Eine solide Infrastruktur sowie gute Bildungs- und Betreuungsangebote sind f\u00fcr sie zentrale Grundlagen f\u00fcr eine funktionierende Gemeinde.\nIhre berufliche Erfahrung m\u00f6chte sie einbringen, um Hausen pragmatisch, sachlich und mit Blick auf Machbarkeit weiterzuentwickeln \u2013 damit Entscheidungen nachhaltig wirken und f\u00fcr alle Generationen sinnvoll sind.\" data-attachment-id=\"2830\" data-e-disable-page-transition=\"true\" data-type=\"image\" class=\"fg-thumb\"><span class=\"fg-image-wrap\"><img decoding=\"async\" alt=\"Mehr zu Lisa Dippacher (Listenplatz 04)\" title=\"Lisa Dippacher (Listenplatz 04),\n35 Jahre, \nDiplom-Wirtschaftsingenieurin (Univ.)\nProzessplanerin in der Fertigung f\u00fcr R\u00f6ntgensysteme\" width=\"180\" height=\"180\" class=\"skip-lazy fg-image\" data-src-fg=\"https:\/\/uwg-hausen.de\/wp-content\/uploads\/cache\/2026\/01\/UWG-2026_04-Lisa_Thumb\/599858837.jpg\" src=\"data:image\/svg+xml,%3Csvg%20xmlns%3D%22http%3A%2F%2Fwww.w3.org%2F2000%2Fsvg%22%20width%3D%22180%22%20height%3D%22180%22%20viewBox%3D%220%200%20180%20180%22%3E%3C%2Fsvg%3E\" loading=\"eager\"><\/span><span class=\"fg-image-overlay\"><\/span><\/a><figcaption class=\"fg-caption\"><div class=\"fg-caption-inner\"><div class=\"fg-caption-title\">Mehr zu Lisa Dippacher (Listenplatz 04)<\/div><\/div><\/figcaption><\/figure><div class=\"fg-loader\"><\/div><\/div><div class=\"fg-item fg-type-image fg-idle\"><figure class=\"fg-item-inner\"><a href=\"http:\/\/uwg-hausen.de\/wp-content\/uploads\/2026\/01\/JUW-26_05-RBrandmeier.png\" target=\"foobox\" data-caption-title=\"Mehr zu Romy Brandmeier (Listenplatz 05)\" data-caption-desc=\"Romy Brandmeier (Listenplatz 05) \u2013 18,\nNotarfachangestellte im 3. Ausbildungsjahr.\n\nRomy steht f\u00fcr eine junge Stimme mit klarer Haltung. Sie m\u00f6chte Hausen aktiv mitgestalten \u2013 verantwortungsvoll, offen und mit Blick auf die Zukunft. Entscheidungen von heute m\u00fcssen auch f\u00fcr die Generationen von morgen passen.\nAls Auszubildende erlebt sie t\u00e4glich, wie wichtig Verl\u00e4sslichkeit, Engagement und gegenseitige Wertsch\u00e4tzung sind. Genau das w\u00fcnscht sie sich auch f\u00fcr unsere Gemeinde: ein lebendiges Miteinander, bei dem junge Menschen geh\u00f6rt werden und sich einbringen k\u00f6nnen.\" data-attachment-id=\"2831\" data-e-disable-page-transition=\"true\" data-type=\"image\" class=\"fg-thumb\"><span class=\"fg-image-wrap\"><img decoding=\"async\" alt=\"Mehr zu Romy Brandmeier (Listenplatz 05)\" title=\"Romy Brandmeier (Listenplatz 05), \n18 Jahre, \nNotarfachangestellte im 3. Ausbildungsjahr\" width=\"180\" height=\"180\" class=\"skip-lazy fg-image\" data-src-fg=\"https:\/\/uwg-hausen.de\/wp-content\/uploads\/cache\/2026\/01\/UWG-2026_05-Romy_Thumb\/1593867110.jpg\" src=\"data:image\/svg+xml,%3Csvg%20xmlns%3D%22http%3A%2F%2Fwww.w3.org%2F2000%2Fsvg%22%20width%3D%22180%22%20height%3D%22180%22%20viewBox%3D%220%200%20180%20180%22%3E%3C%2Fsvg%3E\" loading=\"eager\"><\/span><span class=\"fg-image-overlay\"><\/span><\/a><figcaption class=\"fg-caption\"><div class=\"fg-caption-inner\"><div class=\"fg-caption-title\">Mehr zu Romy Brandmeier (Listenplatz 05)<\/div><\/div><\/figcaption><\/figure><div class=\"fg-loader\"><\/div><\/div><div class=\"fg-item fg-type-image fg-idle\"><figure class=\"fg-item-inner\"><a href=\"http:\/\/uwg-hausen.de\/wp-content\/uploads\/2026\/01\/JUW-26_06-JHeilmann.png\" target=\"foobox\" data-caption-title=\"Mehr zu Johannes Heilmann (Listenplatz 06)\" data-caption-desc=\"Johannes Heilmann (Listenplatz 06) \u2013 29,\n\nElektroniker f\u00fcr Betriebstechnik, Landwirt &amp;amp; Berufstaucher.\n\nJohannes steht f\u00fcr ein starkes Miteinander \u2013 und daf\u00fcr, dass wir das Ehrenamt und unser Vereinsleben nicht nur loben, sondern im Alltag wirklich wertsch\u00e4tzen und unterst\u00fctzen.\nF\u00fcr ihn ist klar: Vereine bringen Menschen zusammen, schaffen Zusammenhalt und machen Hausen &amp;amp; Wimmelbach lebenswert. Wer sich engagiert, verdient R\u00fcckhalt \u2013 durch unkomplizierte Abl\u00e4ufe, gute Rahmenbedingungen und echte Anerkennung.\" data-attachment-id=\"2832\" data-e-disable-page-transition=\"true\" data-type=\"image\" class=\"fg-thumb\"><span class=\"fg-image-wrap\"><img decoding=\"async\" alt=\"Mehr zu Johannes Heilmann (Listenplatz 06)\" title=\"Johannes Heilmann (Listenplatz 06),\n29 Jahre,\nElektroniker f\u00fcr Betriebstechnik, \nLandwirt &amp; Berufstaucher\" width=\"180\" height=\"180\" class=\"skip-lazy fg-image\" data-src-fg=\"https:\/\/uwg-hausen.de\/wp-content\/uploads\/cache\/2026\/01\/UWG-2026_06-Johannes_Thumb\/571738244.jpg\" src=\"data:image\/svg+xml,%3Csvg%20xmlns%3D%22http%3A%2F%2Fwww.w3.org%2F2000%2Fsvg%22%20width%3D%22180%22%20height%3D%22180%22%20viewBox%3D%220%200%20180%20180%22%3E%3C%2Fsvg%3E\" loading=\"eager\"><\/span><span class=\"fg-image-overlay\"><\/span><\/a><figcaption class=\"fg-caption\"><div class=\"fg-caption-inner\"><div class=\"fg-caption-title\">Mehr zu Johannes Heilmann (Listenplatz 06)<\/div><\/div><\/figcaption><\/figure><div class=\"fg-loader\"><\/div><\/div><div class=\"fg-item fg-type-image fg-idle\"><figure class=\"fg-item-inner\"><a href=\"http:\/\/uwg-hausen.de\/wp-content\/uploads\/2026\/01\/JUW-26_07-LJaeger.png\" target=\"foobox\" data-caption-title=\"Mehr zu Laura J\u00e4ger (Listenplatz 07)\" data-caption-desc=\"Laura J\u00e4ger (Listenplatz 07) \u2013 31, \nStandesbeamtin.\n\nHausen ist Lauras Zuhause \u2013 und sie kennt die Verwaltung aus der Praxis. Durch ihre Arbeit wei\u00df sie, wie wichtig klare Abl\u00e4ufe und nachvollziehbare Entscheidungen sind. Genau daf\u00fcr setzt sie sich ein: Politik in Hausen &amp;amp; Wimmelbach soll transparent sein, verst\u00e4ndlich erkl\u00e4rt werden und im gemeinsamen Austausch entstehen \u2013 damit unsere Gemeinde so lebenswert bleibt, wie wir sie sch\u00e4tzen.\" data-attachment-id=\"2833\" data-e-disable-page-transition=\"true\" data-type=\"image\" class=\"fg-thumb\"><span class=\"fg-image-wrap\"><img decoding=\"async\" alt=\"Mehr zu Laura J\u00e4ger (Listenplatz 07)\" title=\"Laura J\u00e4ger (Listenplatz 07),\n31 Jahre, \nStandesbeamtin\" width=\"180\" height=\"180\" class=\"skip-lazy fg-image\" data-src-fg=\"https:\/\/uwg-hausen.de\/wp-content\/uploads\/cache\/2026\/01\/UWG-2026_07-Laura_Thumb\/3047357632.jpg\" src=\"data:image\/svg+xml,%3Csvg%20xmlns%3D%22http%3A%2F%2Fwww.w3.org%2F2000%2Fsvg%22%20width%3D%22180%22%20height%3D%22180%22%20viewBox%3D%220%200%20180%20180%22%3E%3C%2Fsvg%3E\" loading=\"eager\"><\/span><span class=\"fg-image-overlay\"><\/span><\/a><figcaption class=\"fg-caption\"><div class=\"fg-caption-inner\"><div class=\"fg-caption-title\">Mehr zu Laura J\u00e4ger (Listenplatz 07)<\/div><\/div><\/figcaption><\/figure><div class=\"fg-loader\"><\/div><\/div><div class=\"fg-item fg-type-image fg-idle\"><figure class=\"fg-item-inner\"><a href=\"http:\/\/uwg-hausen.de\/wp-content\/uploads\/2026\/01\/JUW-26_08-SZenk.png\" target=\"foobox\" data-caption-title=\"Mehr zu Simon Zenk (Listenplatz 08)\" data-caption-desc=\"Simon Zenk (Listenplatz 08) \u2013 37 Jahre, \nTeamleiter E-Mobility.\n\nSimon setzt sich f\u00fcr eine starke Gemeinde ein, die Respekt lebt und Begegnungsorte f\u00fcr alle schafft. F\u00fcr ihn ist entscheidend, dass Menschen sich auf Augenh\u00f6he begegnen k\u00f6nnen und Gemeinschaft aktiv gelebt wird.\nRespekt, Zusammenhalt und ein gutes Miteinander sind f\u00fcr ihn zentrale Werte f\u00fcr Hausen und Wimmelbach \u2013 heute und in Zukunft.\" data-attachment-id=\"2834\" data-e-disable-page-transition=\"true\" data-type=\"image\" class=\"fg-thumb\"><span class=\"fg-image-wrap\"><img decoding=\"async\" alt=\"Mehr zu Simon Zenk (Listenplatz 08)\" title=\"Simon Zenk (Listenplatz 08)\n37 Jahre, \nTeamleiter E-Mobility\" width=\"180\" height=\"180\" class=\"skip-lazy fg-image\" data-src-fg=\"https:\/\/uwg-hausen.de\/wp-content\/uploads\/cache\/2026\/01\/UWG-2026_08-simon_Thumb\/2987971710.jpg\" src=\"data:image\/svg+xml,%3Csvg%20xmlns%3D%22http%3A%2F%2Fwww.w3.org%2F2000%2Fsvg%22%20width%3D%22180%22%20height%3D%22180%22%20viewBox%3D%220%200%20180%20180%22%3E%3C%2Fsvg%3E\" loading=\"eager\"><\/span><span class=\"fg-image-overlay\"><\/span><\/a><figcaption class=\"fg-caption\"><div class=\"fg-caption-inner\"><div class=\"fg-caption-title\">Mehr zu Simon Zenk (Listenplatz 08)<\/div><\/div><\/figcaption><\/figure><div class=\"fg-loader\"><\/div><\/div><div class=\"fg-item fg-type-image fg-idle\"><figure class=\"fg-item-inner\"><a href=\"http:\/\/uwg-hausen.de\/wp-content\/uploads\/2026\/01\/JUW-26_09-MNuernberger.png\" target=\"foobox\" data-caption-title=\"Mehr zu Michaela N\u00fcrnberger (Listenplatz 09)\" data-caption-desc=\"Michaela N\u00fcrnberger (Listenplatz 09) \u2013 37,\n\nKinderpflegerin im Lohe-Kindergarten Hausen.\n\nMichaela liegen Familien und Kinder in unserer Gemeinde besonders am Herzen. Sie setzt sich f\u00fcr familienfreundliche Strukturen, gute Betreuungsangebote und ein lebenswertes Umfeld in Hausen &amp;amp; Wimmelbach ein.\" data-attachment-id=\"2835\" data-e-disable-page-transition=\"true\" data-type=\"image\" class=\"fg-thumb\"><span class=\"fg-image-wrap\"><img decoding=\"async\" alt=\"Mehr zu Michaela N\u00fcrnberger (Listenplatz 09)\" title=\"Michaela N\u00fcrnberger (Listenplatz 09)\n37 Jahre,\nKinderpflegerin im Lohe-Kindergarten Hausen\" width=\"180\" height=\"180\" class=\"skip-lazy fg-image\" data-src-fg=\"https:\/\/uwg-hausen.de\/wp-content\/uploads\/cache\/2026\/01\/UWG-2026_09-Michaela_Thumb\/1165076522.jpg\" src=\"data:image\/svg+xml,%3Csvg%20xmlns%3D%22http%3A%2F%2Fwww.w3.org%2F2000%2Fsvg%22%20width%3D%22180%22%20height%3D%22180%22%20viewBox%3D%220%200%20180%20180%22%3E%3C%2Fsvg%3E\" loading=\"eager\"><\/span><span class=\"fg-image-overlay\"><\/span><\/a><figcaption class=\"fg-caption\"><div class=\"fg-caption-inner\"><div class=\"fg-caption-title\">Mehr zu Michaela N\u00fcrnberger (Listenplatz 09)<\/div><\/div><\/figcaption><\/figure><div class=\"fg-loader\"><\/div><\/div><div class=\"fg-item fg-type-image fg-idle\"><figure class=\"fg-item-inner\"><a href=\"http:\/\/uwg-hausen.de\/wp-content\/uploads\/2026\/01\/JUW-26_10-JHessler-1.png\" target=\"foobox\" data-caption-title=\"Mehr zu Judith He\u00dfler (Listenplatz 10)\" data-caption-desc=\"Judith He\u00dfler (Listenplatz 10) \u2013 31, \nstellv. Gesch\u00e4ftsleitung am Pilatushof.\n\nJudith ist ein Miteinander wichtig, das von Offenheit und Fairness gepr\u00e4gt ist. Sie m\u00f6chte, dass unsere Gemeinde so gestaltet wird, dass sie allen Generationen zugutekommt \u2013 besonders auch den jungen Menschen, die unsere Zukunft formen.\n\nIhr geht es darum, Chancen zu schaffen, Perspektiven zu st\u00e4rken und ein lebendiges, faires Zusammenleben in Hausen &amp;amp; Wimmelbach zu f\u00f6rdern.\" data-attachment-id=\"2836\" data-e-disable-page-transition=\"true\" data-type=\"image\" class=\"fg-thumb\"><span class=\"fg-image-wrap\"><img decoding=\"async\" alt=\"Mehr zu Judith He\u00dfler (Listenplatz 10)\" title=\"Judith He\u00dfler (Listenplatz 10) \n31 Jahre, \nstellv. Gesch\u00e4ftsleitung am Pilatushof\" width=\"180\" height=\"180\" class=\"skip-lazy fg-image\" data-src-fg=\"https:\/\/uwg-hausen.de\/wp-content\/uploads\/cache\/2026\/01\/UWG-2026_10-Judith_Thumb\/1170012673.jpg\" src=\"data:image\/svg+xml,%3Csvg%20xmlns%3D%22http%3A%2F%2Fwww.w3.org%2F2000%2Fsvg%22%20width%3D%22180%22%20height%3D%22180%22%20viewBox%3D%220%200%20180%20180%22%3E%3C%2Fsvg%3E\" loading=\"eager\"><\/span><span class=\"fg-image-overlay\"><\/span><\/a><figcaption class=\"fg-caption\"><div class=\"fg-caption-inner\"><div class=\"fg-caption-title\">Mehr zu Judith He\u00dfler (Listenplatz 10)<\/div><\/div><\/figcaption><\/figure><div class=\"fg-loader\"><\/div><\/div><div class=\"fg-item fg-type-image fg-idle\"><figure class=\"fg-item-inner\"><a href=\"http:\/\/uwg-hausen.de\/wp-content\/uploads\/2026\/01\/JUW-26_11-DOssmann.png\" target=\"foobox\" data-caption-title=\"Mehr zu David O\u00dfmann (Listenplatz 11)\" data-caption-desc=\"David O\u00dfmann (Listenplatz 11) \u2013 29 Jahre, Feinwerkmechaniker.\nF\u00fcr David bilden ein aktives Vereinsleben, die Anerkennung ehrenamtlichen Engagements und bezahlbarer Wohnraum die Grundlage f\u00fcr eine starke Gemeinschaft.\nDiese Punkte sind f\u00fcr ihn entscheidend, damit Hausen und Wimmelbach lebendig und lebenswert bleiben.\nGemeinsam m\u00f6chte er dazu beitragen, dass eine Gemeinde entsteht, in der sich alle wohlf\u00fchlen und die auch langfristig lebenswert und zukunftsf\u00e4hig ist.\" data-attachment-id=\"2837\" data-e-disable-page-transition=\"true\" data-type=\"image\" class=\"fg-thumb\"><span class=\"fg-image-wrap\"><img decoding=\"async\" alt=\"Mehr zu David O\u00dfmann (Listenplatz 11)\" title=\"David O\u00dfmann (Listenplatz 11)\n29 Jahre,\nFeinwerkmechaniker\" width=\"180\" height=\"180\" class=\"skip-lazy fg-image\" data-src-fg=\"https:\/\/uwg-hausen.de\/wp-content\/uploads\/cache\/2026\/01\/UWG-2026_11-David_Thumb\/2450017006.jpg\" src=\"data:image\/svg+xml,%3Csvg%20xmlns%3D%22http%3A%2F%2Fwww.w3.org%2F2000%2Fsvg%22%20width%3D%22180%22%20height%3D%22180%22%20viewBox%3D%220%200%20180%20180%22%3E%3C%2Fsvg%3E\" loading=\"eager\"><\/span><span class=\"fg-image-overlay\"><\/span><\/a><figcaption class=\"fg-caption\"><div class=\"fg-caption-inner\"><div class=\"fg-caption-title\">Mehr zu David O\u00dfmann (Listenplatz 11)<\/div><\/div><\/figcaption><\/figure><div class=\"fg-loader\"><\/div><\/div><\/div>\n\n\n\n<hr class=\"wp-block-separator has-css-opacity\"\/>\n\n\n\n<p><\/p>\n","protected":false},"excerpt":{"rendered":"<p>Die Kandidatinnen und Kandidaten der JUW-Hausen f\u00fcr den Gemeinderat zur Kommunalwahl am 08.03.2026 Tip: Klicke auf ein Bild f\u00fcr eine gr\u00f6\u00dfere Anzeige und schau&#8217; Dir dabei gleichzeitig das Statement jedes <a class=\"more-link\" href=\"https:\/\/uwg-hausen.de\/?page_id=2731\">Weiterlesen <i class=\"fa fa-chevron-right\"><\/i><\/a><\/p>\n","protected":false},"author":7,"featured_media":580,"parent":2725,"menu_order":2,"comment_status":"closed","ping_status":"closed","template":"page-fullwidth.php","meta":{"_eb_attr":"","footnotes":""},"class_list":["post-2731","page","type-page","status-publish","has-post-thumbnail","hentry"],"_links":{"self":[{"href":"https:\/\/uwg-hausen.de\/index.php?rest_route=\/wp\/v2\/pages\/2731","targetHints":{"allow":["GET"]}}],"collection":[{"href":"https:\/\/uwg-hausen.de\/index.php?rest_route=\/wp\/v2\/pages"}],"about":[{"href":"https:\/\/uwg-hausen.de\/index.php?rest_route=\/wp\/v2\/types\/page"}],"author":[{"embeddable":true,"href":"https:\/\/uwg-hausen.de\/index.php?rest_route=\/wp\/v2\/users\/7"}],"replies":[{"embeddable":true,"href":"https:\/\/uwg-hausen.de\/index.php?rest_route=%2Fwp%2Fv2%2Fcomments&post=2731"}],"version-history":[{"count":10,"href":"https:\/\/uwg-hausen.de\/index.php?rest_route=\/wp\/v2\/pages\/2731\/revisions"}],"predecessor-version":[{"id":2929,"href":"https:\/\/uwg-hausen.de\/index.php?rest_route=\/wp\/v2\/pages\/2731\/revisions\/2929"}],"up":[{"embeddable":true,"href":"https:\/\/uwg-hausen.de\/index.php?rest_route=\/wp\/v2\/pages\/2725"}],"wp:featuredmedia":[{"embeddable":true,"href":"https:\/\/uwg-hausen.de\/index.php?rest_route=\/wp\/v2\/media\/580"}],"wp:attachment":[{"href":"https:\/\/uwg-hausen.de\/index.php?rest_route=%2Fwp%2Fv2%2Fmedia&parent=2731"}],"curies":[{"name":"wp","href":"https:\/\/api.w.org\/{rel}","templated":true}]}}