{"id":2730,"date":"2026-01-19T23:03:06","date_gmt":"2026-01-19T22:03:06","guid":{"rendered":"https:\/\/uwg-hausen.de\/?page_id=2730"},"modified":"2026-01-19T23:03:07","modified_gmt":"2026-01-19T22:03:07","slug":"uwg-kandidatinnen-und-kandidaten-2026","status":"publish","type":"page","link":"https:\/\/uwg-hausen.de\/?page_id=2730","title":{"rendered":"UWG Kandidatinnen und Kandidaten 2026"},"content":{"rendered":"\n<h4 class=\"wp-block-heading has-text-align-center\">Die Kandidatinnen und Kandidaten der UWG-Hausen f\u00fcr den Gemeinderat zur Kommunalwahl am 08.03.2026<br><br><\/h4>\n\n\n\n<p class=\"has-text-align-center has-vivid-cyan-blue-color has-text-color\"><strong>Tip: Klicke auf ein Bild f\u00fcr die gr\u00f6\u00dfere Anzeige <br>und einem Statement des jeweiligen UWG-Hausen Kandidaten.<\/strong><\/p>\n\n\n\n<p><\/p>\n\n\n<style type=\"text\/css\">\n#foogallery-gallery-2735.fg-masonry { --fg-gutter: 20px; }<\/style>\n\t\t\t<div class=\"foogallery foogallery-container foogallery-masonry foogallery-lightbox-foobox fg-center fg-masonry fg-ready fg-light fg-round-medium fg-shadow-medium fg-shadow-inset-medium fg-loading-trail fg-loaded-fade-in fg-hover-grayscale fg-caption-hover fg-hover-slide-up fg-hover-eye fg-col4\" id=\"foogallery-gallery-2735\" data-foogallery=\"{&quot;item&quot;:{&quot;showCaptionTitle&quot;:true,&quot;showCaptionDescription&quot;:false},&quot;lazy&quot;:true}\" style=\"--fg-title-line-clamp: 0; --fg-description-line-clamp: 0;\" >\n\t\t<div class=\"fg-column-width\"><\/div>\n\t<div class=\"fg-gutter-width\"><\/div>\n\t\t<div class=\"fg-item fg-type-image fg-idle\"><figure class=\"fg-item-inner\"><a href=\"http:\/\/uwg-hausen.de\/wp-content\/uploads\/2026\/01\/UWG-26_01-RGarcon_new.png\" target=\"foobox\" data-caption-title=\"Mehr zu Roland Gar\u00e7on (Listenplatz 01)\" data-caption-desc=\"Roland Gar\u00e7on (Listenplatz 01) \u2013 68, \nRentner, verheiratet, 2 T\u00f6chter. Gemeinderat seit 2008, Fraktionsvorsitzender der UWG.\n\nRoland steht f\u00fcr Sachlichkeit und Verl\u00e4sslichkeit: Er hakt nach, wenn etwas unklar ist \u2013 und bringt Entscheidungen erst dann auf den Weg, wenn die Fakten vollst\u00e4ndig auf dem Tisch liegen. Unbequem vielleicht manchmal, aber immer fair und mit dem Ziel, das Beste f\u00fcr Hausen und Wimmelbach zu erreichen.\n\nIhm ist wichtig, dass wir im Gemeinderat klar priorisieren: solide Finanzpolitik betreiben, Schulden abbauen und Investitionen so planen, dass sie langfristig tragbar sind. Gleichzeitig sollen Entscheidungen transparent und nachvollziehbar sein \u2013 mit rechtzeitig angek\u00fcndigten Terminen und einer \u00d6ffentlichkeit, wo immer sie m\u00f6glich ist.\" data-attachment-id=\"2781\" data-e-disable-page-transition=\"true\" data-type=\"image\" class=\"fg-thumb\"><span class=\"fg-image-wrap\"><img decoding=\"async\" alt=\"Mehr zu Roland Gar\u00e7on (Listenplatz 01)\" title=\"Roland Gar\u00e7on (Listenplatz 01) \u2013 68, \nRentner, verheiratet, 2 T\u00f6chter. Gemeinderat seit 2008, Fraktionsvorsitzender der UWG.\" width=\"180\" height=\"180\" class=\"skip-lazy fg-image\" data-src-fg=\"https:\/\/uwg-hausen.de\/wp-content\/uploads\/cache\/2026\/01\/UWG-2026_01-RGarcon_Thumb\/431017380.jpg\" src=\"data:image\/svg+xml,%3Csvg%20xmlns%3D%22http%3A%2F%2Fwww.w3.org%2F2000%2Fsvg%22%20width%3D%22180%22%20height%3D%22180%22%20viewBox%3D%220%200%20180%20180%22%3E%3C%2Fsvg%3E\" loading=\"eager\"><\/span><span class=\"fg-image-overlay\"><\/span><\/a><figcaption class=\"fg-caption\"><div class=\"fg-caption-inner\"><div class=\"fg-caption-title\">Mehr zu Roland Gar\u00e7on (Listenplatz 01)<\/div><\/div><\/figcaption><\/figure><div class=\"fg-loader\"><\/div><\/div><div class=\"fg-item fg-type-image fg-idle\"><figure class=\"fg-item-inner\"><a href=\"http:\/\/uwg-hausen.de\/wp-content\/uploads\/2026\/01\/UWG-26_02-GBrandmeier.png\" target=\"foobox\" data-caption-title=\"Mehr zu Georg Brandmeier (Listenplatz 02)\" data-caption-desc=\"Georg Brandmeier (Listenplatz 02) \u2013 59,\nPolizeibeamter und Rettungssanit\u00e4ter, verheiratet, Vater von zwei T\u00f6chtern (18 und 21).\n\nGeorg setzt sich daf\u00fcr ein, dass Entscheidungen im Gemeinderat so transparent und nachvollziehbar wie m\u00f6glich sind. B\u00fcrgerinnen und B\u00fcrger sollen verstehen, was entschieden wird \u2013 und warum.\n\nIhm ist wichtig, dass Sitzungen und Termine verl\u00e4sslich eingeladen und angek\u00fcndigt werden, und die Presse sollte pr\u00e4sent sein. Informationen d\u00fcrfen nicht \u201ezuf\u00e4llig\u201c entstehen, sondern m\u00fcssen systematisch f\u00fcr alle transparent und nachvollziehbar bereitgestellt werden.\" data-attachment-id=\"2782\" data-e-disable-page-transition=\"true\" data-type=\"image\" class=\"fg-thumb\"><span class=\"fg-image-wrap\"><img decoding=\"async\" alt=\"Mehr zu Georg Brandmeier (Listenplatz 02)\" title=\"Georg Brandmeier (Listenplatz 02) \u2013 59,\nPolizeibeamter und Rettungssanit\u00e4ter, verheiratet, Vater von zwei T\u00f6chtern (18 und 21).\" width=\"180\" height=\"180\" class=\"skip-lazy fg-image\" data-src-fg=\"https:\/\/uwg-hausen.de\/wp-content\/uploads\/cache\/2026\/01\/UWG-2026_02-GBrandmeier_Thumb\/1710001844.jpg\" src=\"data:image\/svg+xml,%3Csvg%20xmlns%3D%22http%3A%2F%2Fwww.w3.org%2F2000%2Fsvg%22%20width%3D%22180%22%20height%3D%22180%22%20viewBox%3D%220%200%20180%20180%22%3E%3C%2Fsvg%3E\" loading=\"eager\"><\/span><span class=\"fg-image-overlay\"><\/span><\/a><figcaption class=\"fg-caption\"><div class=\"fg-caption-inner\"><div class=\"fg-caption-title\">Mehr zu Georg Brandmeier (Listenplatz 02)<\/div><\/div><\/figcaption><\/figure><div class=\"fg-loader\"><\/div><\/div><div class=\"fg-item fg-type-image fg-idle\"><figure class=\"fg-item-inner\"><a href=\"http:\/\/uwg-hausen.de\/wp-content\/uploads\/2026\/01\/UWG-26_03-HKemeth.png\" target=\"foobox\" data-caption-title=\"Mehr zu Herbert Kemeth (Listenplatz 03)\" data-caption-desc=\"Herbert Kemeth (Listenplatz 03) \u2013 68 Jahre,\nverheiratet, 3 Kinder, Dipl.-Ing. Elektrotechnik (Univ.), Gemeinderat der UWG.\n\nHerbert ist seit \u00fcber 40 Jahren in Hausen zuhause \u2013 und bringt als Dipl.-Ing. Elektrotechnik und langj\u00e4hriges Mitglied im Gemeinderat viel Erfahrung und einen klaren Blick f\u00fcr das Machbare mit. Im Finanz- und Rechnungspr\u00fcfungsausschuss steht er f\u00fcr eine solide Finanzpolitik, die Projekte erm\u00f6glicht, ohne die Gemeinde zu \u00fcberfordern.\n\nWichtig sind ihm au\u00dferdem: mehr sichere Radwege und eine sinnvolle, nachvollziehbare Baulandausweisung \u2013 damit Hausen und Wimmelbach sich gut entwickeln, aber bezahlbar und mit Vernunft.\" data-attachment-id=\"2783\" data-e-disable-page-transition=\"true\" data-type=\"image\" class=\"fg-thumb\"><span class=\"fg-image-wrap\"><img decoding=\"async\" alt=\"Mehr zu Herbert Kemeth (Listenplatz 03)\" title=\"Herbert Kemeth (Listenplatz 03) \u2013 68 Jahre,\nverheiratet, 3 Kinder, Dipl.-Ing. Elektrotechnik (Univ.), Gemeinderat der UWG.\" width=\"180\" height=\"180\" class=\"skip-lazy fg-image\" data-src-fg=\"https:\/\/uwg-hausen.de\/wp-content\/uploads\/cache\/2026\/01\/UWG-2026_03-HKemeth_Thumb\/3169325296.jpg\" src=\"data:image\/svg+xml,%3Csvg%20xmlns%3D%22http%3A%2F%2Fwww.w3.org%2F2000%2Fsvg%22%20width%3D%22180%22%20height%3D%22180%22%20viewBox%3D%220%200%20180%20180%22%3E%3C%2Fsvg%3E\" loading=\"eager\"><\/span><span class=\"fg-image-overlay\"><\/span><\/a><figcaption class=\"fg-caption\"><div class=\"fg-caption-inner\"><div class=\"fg-caption-title\">Mehr zu Herbert Kemeth (Listenplatz 03)<\/div><\/div><\/figcaption><\/figure><div class=\"fg-loader\"><\/div><\/div><div class=\"fg-item fg-type-image fg-idle\"><figure class=\"fg-item-inner\"><a href=\"http:\/\/uwg-hausen.de\/wp-content\/uploads\/2026\/01\/UWG-26_04-MSchmitt.png\" target=\"foobox\" data-caption-title=\"Mehr zu Maximilian Schmitt (Listenplatz 04)\" data-caption-desc=\"Maximilian Schmitt (Listenplatz 04)  \u2013 38, \nFinanzcontroller (Siemens Healthineers) und amtierender Gemeinderat.\n\nEr setzt sich f\u00fcr ein traditions- und geschichtsbewusstes Hausen ein \u2013 und gleichzeitig f\u00fcr eine moderne, finanziell verantwortungsvolle Zukunft. \nEntscheidend ist f\u00fcr ihn: gute Projekte ja, aber mit klarem Blick auf Kosten, Nutzen und Priorit\u00e4ten \u2013 damit Hausen und Wimmelbach langfristig handlungsf\u00e4hig bleiben.\" data-attachment-id=\"2784\" data-e-disable-page-transition=\"true\" data-type=\"image\" class=\"fg-thumb\"><span class=\"fg-image-wrap\"><img decoding=\"async\" alt=\"Mehr zu Maximilian Schmitt (Listenplatz 04)\" title=\"Maximilian Schmitt (Listenplatz 04)  \u2013 38, \nFinanzcontroller (Siemens Healthineers) und amtierender Gemeinderat.\" width=\"180\" height=\"180\" class=\"skip-lazy fg-image\" data-src-fg=\"https:\/\/uwg-hausen.de\/wp-content\/uploads\/cache\/2026\/01\/UWG-2026_04-MaxSchmitt_Thumb\/3306427470.jpg\" src=\"data:image\/svg+xml,%3Csvg%20xmlns%3D%22http%3A%2F%2Fwww.w3.org%2F2000%2Fsvg%22%20width%3D%22180%22%20height%3D%22180%22%20viewBox%3D%220%200%20180%20180%22%3E%3C%2Fsvg%3E\" loading=\"eager\"><\/span><span class=\"fg-image-overlay\"><\/span><\/a><figcaption class=\"fg-caption\"><div class=\"fg-caption-inner\"><div class=\"fg-caption-title\">Mehr zu Maximilian Schmitt (Listenplatz 04)<\/div><\/div><\/figcaption><\/figure><div class=\"fg-loader\"><\/div><\/div><div class=\"fg-item fg-type-image fg-idle\"><figure class=\"fg-item-inner\"><a href=\"http:\/\/uwg-hausen.de\/wp-content\/uploads\/2026\/01\/UWG-26_05-WBatz.png\" target=\"foobox\" data-caption-title=\"Mehr zu Wolfgang \u201eWolle\u201c Batz (Listenplatz 05)\" data-caption-desc=\"Unser Wolfgang \u201eWolle\u201c Batz (Listenplatz 05) \u2013 39,\nEinzelhandelskaufmann und stv. Marktleitung, Familienvater (1 Sohn).\n\nWolle packt an und will frischen Wind in den Gemeinderat bringen: klar, fair und mit Entscheidungen f\u00fcrs Gemeinwohl \u2013 nicht f\u00fcr Einzelinteressen.\n\nEr ist stark im Ort verwurzelt und lebt das Miteinander im Alltag: 3. Vorstand der UWG Hausen, Kassier der SpVgg Hausen, dazu Mitglied der Teamleitung Krone e.V. und im Elternbeirat der Mittelschule Heroldsbach.\n\nEin zentrales Anliegen ist ihm der Erhalt des Krone-Saals \u2013 als Treffpunkt f\u00fcr Vereine, Veranstaltungen und einen lebendigen Ortskern.\" data-attachment-id=\"2785\" data-e-disable-page-transition=\"true\" data-type=\"image\" class=\"fg-thumb\"><span class=\"fg-image-wrap\"><img decoding=\"async\" alt=\"Mehr zu Wolfgang \u201eWolle\u201c Batz (Listenplatz 05)\" title=\"Unser Wolfgang \u201eWolle\u201c Batz (Listenplatz 05) \u2013 39,\nEinzelhandelskaufmann und stv. Marktleitung, Familienvater (1 Sohn).\" width=\"180\" height=\"180\" class=\"skip-lazy fg-image\" data-src-fg=\"https:\/\/uwg-hausen.de\/wp-content\/uploads\/cache\/2026\/01\/UWG-2026_05-WBatz_Thumb\/1711955710.jpg\" src=\"data:image\/svg+xml,%3Csvg%20xmlns%3D%22http%3A%2F%2Fwww.w3.org%2F2000%2Fsvg%22%20width%3D%22180%22%20height%3D%22180%22%20viewBox%3D%220%200%20180%20180%22%3E%3C%2Fsvg%3E\" loading=\"eager\"><\/span><span class=\"fg-image-overlay\"><\/span><\/a><figcaption class=\"fg-caption\"><div class=\"fg-caption-inner\"><div class=\"fg-caption-title\">Mehr zu Wolfgang \u201eWolle\u201c Batz (Listenplatz 05)<\/div><\/div><\/figcaption><\/figure><div class=\"fg-loader\"><\/div><\/div><div class=\"fg-item fg-type-image fg-idle\"><figure class=\"fg-item-inner\"><a href=\"http:\/\/uwg-hausen.de\/wp-content\/uploads\/2026\/01\/UWG-26_06-MWieneck.png\" target=\"foobox\" data-caption-title=\"Mehr zu Melanie Wieneck (Listenplatz 06)\" data-caption-desc=\"Melanie Wieneck (Listenplatz 06) \u2013 43, \nverheiratet, 2 Kinder, zahnmedizinische Fachangestellte.\n\nMelanie liegen Familien und Kinder besonders am Herzen. Ihr ist wichtig, dass es in Hausen und Wimmelbach eine hochwertige, verl\u00e4ssliche Kinderbetreuung gibt \u2013 f\u00fcr alle Familien und ausdr\u00fccklich auch f\u00fcr Alleinerziehende.\n\nGenauso wichtig sind ihr starke lokale Angebote, die Kinder im Alltag wirklich erreichen: B\u00fcchereien und Sportvereine sollen gezielt gef\u00f6rdert werden, damit Kinder hier vor Ort vielf\u00e4ltige Entwicklungs- und Freizeitm\u00f6glichkeiten haben.\" data-attachment-id=\"2786\" data-e-disable-page-transition=\"true\" data-type=\"image\" class=\"fg-thumb\"><span class=\"fg-image-wrap\"><img decoding=\"async\" alt=\"Mehr zu Melanie Wieneck (Listenplatz 06)\" title=\"Melanie Wieneck (Listenplatz 06) \u2013 43, \nverheiratet, 2 Kinder, zahnmedizinische Fachangestellte.\" width=\"180\" height=\"180\" class=\"skip-lazy fg-image\" data-src-fg=\"https:\/\/uwg-hausen.de\/wp-content\/uploads\/cache\/2026\/01\/UWG-2026_06-MWieneck_Thumb\/2085289526.jpg\" src=\"data:image\/svg+xml,%3Csvg%20xmlns%3D%22http%3A%2F%2Fwww.w3.org%2F2000%2Fsvg%22%20width%3D%22180%22%20height%3D%22180%22%20viewBox%3D%220%200%20180%20180%22%3E%3C%2Fsvg%3E\" loading=\"eager\"><\/span><span class=\"fg-image-overlay\"><\/span><\/a><figcaption class=\"fg-caption\"><div class=\"fg-caption-inner\"><div class=\"fg-caption-title\">Mehr zu Melanie Wieneck (Listenplatz 06)<\/div><\/div><\/figcaption><\/figure><div class=\"fg-loader\"><\/div><\/div><div class=\"fg-item fg-type-image fg-idle\"><figure class=\"fg-item-inner\"><a href=\"http:\/\/uwg-hausen.de\/wp-content\/uploads\/2026\/01\/UWG-26_07-MProetzsch.png\" target=\"foobox\" data-caption-title=\"Mehr zu Matthias \u201eMatze\u201c Pr\u00f6tzsch (Listenplatz 07)\" data-caption-desc=\"Matthias \u201eMatze\u201c Pr\u00f6tzsch (Listenplatz 07) \u2013 48,\nverheiratet, 2 Kinder, Senior CGI Art Director &amp;amp; Leitung IT.\n\nAls 2. Vorsitzender der UWG ist Matze wichtig, dass wir den Bestand bewahren \u2013 und zugleich moderne Entwicklungen m\u00f6glich machen. Nicht als Gegens\u00e4tze, sondern als Aufgabe, die wir f\u00fcr Hausen und Wimmelbach klug ausbalancieren m\u00fcssen: Was unseren Ort ausmacht, soll bleiben. Und was unsere Zukunft st\u00e4rkt, soll vorankommen.\n\nBesonders am Herzen liegt ihm das Vereinsleben und gelebte Gemeinschaft: Matze ist 1. Vorstand der Historischen Stadtwache Franken e.V. und unterst\u00fctzt als Beisitzer den Heimat- und Trachtenverein Hausen sowie den Gesangverein Hausen. F\u00fcr ihn sind Vereine das R\u00fcckgrat unseres Zusammenhalts.\n.\nDazu geh\u00f6rt f\u00fcr Matze: Entscheidungen m\u00fcssen transparent und verst\u00e4ndlich sein \u2013 mit klarer Kommunikation und einem starken Wir.\" data-attachment-id=\"2787\" data-e-disable-page-transition=\"true\" data-type=\"image\" class=\"fg-thumb\"><span class=\"fg-image-wrap\"><img decoding=\"async\" alt=\"Mehr zu Matthias \u201eMatze\u201c Pr\u00f6tzsch (Listenplatz 07)\" title=\"Matthias \u201eMatze\u201c Pr\u00f6tzsch (Listenplatz 07) \u2013 48,\nverheiratet, 2 Kinder, Senior CGI Art Director &amp; Leitung IT.\" width=\"180\" height=\"180\" class=\"skip-lazy fg-image\" data-src-fg=\"https:\/\/uwg-hausen.de\/wp-content\/uploads\/cache\/2026\/01\/UWG-2026_07-MProetzsch_Thumb\/2088966873.jpg\" src=\"data:image\/svg+xml,%3Csvg%20xmlns%3D%22http%3A%2F%2Fwww.w3.org%2F2000%2Fsvg%22%20width%3D%22180%22%20height%3D%22180%22%20viewBox%3D%220%200%20180%20180%22%3E%3C%2Fsvg%3E\" loading=\"eager\"><\/span><span class=\"fg-image-overlay\"><\/span><\/a><figcaption class=\"fg-caption\"><div class=\"fg-caption-inner\"><div class=\"fg-caption-title\">Mehr zu Matthias \u201eMatze\u201c Pr\u00f6tzsch (Listenplatz 07)<\/div><\/div><\/figcaption><\/figure><div class=\"fg-loader\"><\/div><\/div><div class=\"fg-item fg-type-image fg-idle\"><figure class=\"fg-item-inner\"><a href=\"http:\/\/uwg-hausen.de\/wp-content\/uploads\/2026\/01\/UWG-26_08-LHofmann.png\" target=\"foobox\" data-caption-title=\"Mehr zu Dr. med. Lars Hofmann (Listenplatz 08)\" data-caption-desc=\"Dr. med. Lars Hofmann (Listenplatz 08) \u2013 51,\nverheiratet, 1 Sohn, Arzt, Senior Vice President.\n\nLars wohnt seit 22 Jahren in Hausen und ihm ist wichtig, dass wir in Hausen und Wimmelbach beim Starkregen- und Hochwasserschutz sp\u00fcrbar vorankommen \u2013 mit konkreten Ma\u00dfnahmen und klarer Priorit\u00e4t. Das ist Daseinsvorsorge und sch\u00fctzt, was wir uns hier gemeinsam aufgebaut haben.\n\nGenauso wichtig ist ihm, dass wir die Energiewende transparent und mit B\u00fcrgerbeteiligung umsetzen: Photovoltaik auf \u00f6ffentlichen Geb\u00e4uden z\u00fcgig ausbauen \u2013 und bei gr\u00f6\u00dferen Projekten Planung, Fortschritt und Entscheidungen fr\u00fchzeitig offenlegen, damit Vertrauen entsteht und L\u00f6sungen von vielen getragen werden.\n\nUnd im Alltag z\u00e4hlt, was wirklich wirkt: In den Wohngebieten in der Lohe hat der Verkehr deutlich zugenommen \u2013 besonders dort, wo Kinder t\u00e4glich unterwegs sind. Tempo-30- und verkehrsberuhigte Bereiche m\u00fcssen im Alltag funktionieren, damit Kindergarten- und Schulwege sicher sind.\n.\nBei der Ortsentwicklung gilt f\u00fcr ihn: Innenentwicklung vor neuer Fl\u00e4chenversiegelung \u2013 erst Baul\u00fccken und bestehende Grundst\u00fccke klug nutzen, bevor wir neue Fl\u00e4chen anpacken.\" data-attachment-id=\"2788\" data-e-disable-page-transition=\"true\" data-type=\"image\" class=\"fg-thumb\"><span class=\"fg-image-wrap\"><img decoding=\"async\" alt=\"Mehr zu Dr. med. Lars Hofmann (Listenplatz 08)\" title=\"Dr. med. Lars Hofmann (Listenplatz 08) \u2013 51,\nverheiratet, 1 Sohn, Arzt, Senior Vice President.\" width=\"180\" height=\"180\" class=\"skip-lazy fg-image\" data-src-fg=\"https:\/\/uwg-hausen.de\/wp-content\/uploads\/cache\/2026\/01\/UWG-2026_08-LHofmann_Thumb\/1188259322.jpg\" src=\"data:image\/svg+xml,%3Csvg%20xmlns%3D%22http%3A%2F%2Fwww.w3.org%2F2000%2Fsvg%22%20width%3D%22180%22%20height%3D%22180%22%20viewBox%3D%220%200%20180%20180%22%3E%3C%2Fsvg%3E\" loading=\"eager\"><\/span><span class=\"fg-image-overlay\"><\/span><\/a><figcaption class=\"fg-caption\"><div class=\"fg-caption-inner\"><div class=\"fg-caption-title\">Mehr zu Dr. med. Lars Hofmann (Listenplatz 08)<\/div><\/div><\/figcaption><\/figure><div class=\"fg-loader\"><\/div><\/div><div class=\"fg-item fg-type-image fg-idle\"><figure class=\"fg-item-inner\"><a href=\"http:\/\/uwg-hausen.de\/wp-content\/uploads\/2026\/01\/UWG-26_09-TZenk.png\" target=\"foobox\" data-caption-title=\"Mehr zu Tobias Zenk (Listenplatz 09)\" data-caption-desc=\"Tobias Zenk (Listenplatz 09) \u2013 51, verheiratet, \n1 Sohn, Senior Finance Manager.\n\nTobias steht f\u00fcr eine faire Politik zum Wohle aller Hausenerinnen und Hausener. \nIhm ist wichtig, dass Entscheidungen sachlich, verl\u00e4sslich und nachvollziehbar getroffen werden \u2013 ohne parteipolitisches Taktieren, sondern mit dem Fokus darauf, was unserer Gemeinde wirklich hilft.\" data-attachment-id=\"2789\" data-e-disable-page-transition=\"true\" data-type=\"image\" class=\"fg-thumb\"><span class=\"fg-image-wrap\"><img decoding=\"async\" alt=\"Mehr zu Tobias Zenk (Listenplatz 09)\" title=\"Tobias Zenk (Listenplatz 09) \u2013 51, verheiratet, \n1 Sohn, Senior Finance Manager.\" width=\"180\" height=\"180\" class=\"skip-lazy fg-image\" data-src-fg=\"https:\/\/uwg-hausen.de\/wp-content\/uploads\/cache\/2026\/01\/UWG-2026_09-TZenk_Thumb\/2266641561.jpg\" src=\"data:image\/svg+xml,%3Csvg%20xmlns%3D%22http%3A%2F%2Fwww.w3.org%2F2000%2Fsvg%22%20width%3D%22180%22%20height%3D%22180%22%20viewBox%3D%220%200%20180%20180%22%3E%3C%2Fsvg%3E\" loading=\"eager\"><\/span><span class=\"fg-image-overlay\"><\/span><\/a><figcaption class=\"fg-caption\"><div class=\"fg-caption-inner\"><div class=\"fg-caption-title\">Mehr zu Tobias Zenk (Listenplatz 09)<\/div><\/div><\/figcaption><\/figure><div class=\"fg-loader\"><\/div><\/div><div class=\"fg-item fg-type-image fg-idle\"><figure class=\"fg-item-inner\"><a href=\"http:\/\/uwg-hausen.de\/wp-content\/uploads\/2026\/01\/UWG-26_10-MarcellSchmitt_new.png\" target=\"foobox\" data-caption-title=\"Mehr zu Marcell Schmitt (Listenplatz 10)\" data-caption-desc=\"Marcell Schmitt (Listenplatz 10) \u2013 52, \nzwei T\u00f6chter, Vertriebsingenieur, Vorsitzender der UWG, Ausbilder bei der DLRG.\n\nAls Vorsitzender der UWG und Ausbilder bei der DLRG wei\u00df Marcell, wie wichtig Verl\u00e4sslichkeit, Teamarbeit und klare Entscheidungen sind.\n\nF\u00fcr Marcell z\u00e4hlt: unabh\u00e4ngig denken und sachlich handeln. Er steht f\u00fcr mehr Transparenz und ein besseres Miteinander \u2013 damit Politik vor Ort nachvollziehbar bleibt und am Ende dem Wohl der B\u00fcrgerinnen und B\u00fcrger in Hausen und Wimmelbach dient.\nWas ist euch dabei am wichtigsten: mehr Transparenz (z.B. bessere Infos zu Entscheidungen) oder mehr Miteinander (z.B. mehr Austausch &amp;amp; Beteiligung)? Schreibt\u2019s gern in die Kommentare.\" data-attachment-id=\"2790\" data-e-disable-page-transition=\"true\" data-type=\"image\" class=\"fg-thumb\"><span class=\"fg-image-wrap\"><img decoding=\"async\" alt=\"Mehr zu Marcell Schmitt (Listenplatz 10)\" title=\"Marcell Schmitt (Listenplatz 10) \u2013 52, \nzwei T\u00f6chter, Vertriebsingenieur, Vorsitzender der UWG, Ausbilder bei der DLRG.\" width=\"180\" height=\"180\" class=\"skip-lazy fg-image\" data-src-fg=\"https:\/\/uwg-hausen.de\/wp-content\/uploads\/cache\/2026\/01\/UWG-2026_10-MarcellSchmitt_Thumb\/3451447790.jpg\" src=\"data:image\/svg+xml,%3Csvg%20xmlns%3D%22http%3A%2F%2Fwww.w3.org%2F2000%2Fsvg%22%20width%3D%22180%22%20height%3D%22180%22%20viewBox%3D%220%200%20180%20180%22%3E%3C%2Fsvg%3E\" loading=\"eager\"><\/span><span class=\"fg-image-overlay\"><\/span><\/a><figcaption class=\"fg-caption\"><div class=\"fg-caption-inner\"><div class=\"fg-caption-title\">Mehr zu Marcell Schmitt (Listenplatz 10)<\/div><\/div><\/figcaption><\/figure><div class=\"fg-loader\"><\/div><\/div><div class=\"fg-item fg-type-image fg-idle\"><figure class=\"fg-item-inner\"><a href=\"http:\/\/uwg-hausen.de\/wp-content\/uploads\/2026\/01\/UWG-26_11-MDoetzer.png\" target=\"foobox\" data-caption-title=\"Mehr zu Markus D\u00f6tzer (Listenplatz 11)\" data-caption-desc=\"Markus D\u00f6tzer (Listenplatz 11) \u2013 51, \ngelernter Maurer.\n\nMarkus liegt ein gutes Miteinander am Herzen: Unsere Gemeinde soll wieder st\u00e4rker zusammenhalten \u2013 und wir m\u00fcssen wieder besser zusammenarbeiten. Gleichzeitig findet er: Das \u00c4lterwerden in Hausen darf nicht vergessen werden. Und die Krone sieht er als gro\u00dfe Chance, unseren Ortskern zu beleben \u2013 damit in der Mitte wieder mehr Leben und Begegnung entsteht.\n\nAn euch in Hausen &amp;amp; Wimmelbach: Was hat f\u00fcr euch beim Ortskern gerade Priorit\u00e4t \u2013 Krone, Barrierefreiheit\/Angebote f\u00fcr \u00c4ltere oder mehr Treffpunkte &amp;amp; Leben in der Ortsmitte?\" data-attachment-id=\"2791\" data-e-disable-page-transition=\"true\" data-type=\"image\" class=\"fg-thumb\"><span class=\"fg-image-wrap\"><img decoding=\"async\" alt=\"Mehr zu Markus D\u00f6tzer (Listenplatz 11)\" title=\"Markus D\u00f6tzer (Listenplatz 11) \u2013 51, \ngelernter Maurer.\" width=\"180\" height=\"180\" class=\"skip-lazy fg-image\" data-src-fg=\"https:\/\/uwg-hausen.de\/wp-content\/uploads\/cache\/2026\/01\/UWG-2026_11-MDoetzer_Thumb\/3680666989.jpg\" src=\"data:image\/svg+xml,%3Csvg%20xmlns%3D%22http%3A%2F%2Fwww.w3.org%2F2000%2Fsvg%22%20width%3D%22180%22%20height%3D%22180%22%20viewBox%3D%220%200%20180%20180%22%3E%3C%2Fsvg%3E\" loading=\"eager\"><\/span><span class=\"fg-image-overlay\"><\/span><\/a><figcaption class=\"fg-caption\"><div class=\"fg-caption-inner\"><div class=\"fg-caption-title\">Mehr zu Markus D\u00f6tzer (Listenplatz 11)<\/div><\/div><\/figcaption><\/figure><div class=\"fg-loader\"><\/div><\/div><div class=\"fg-item fg-type-image fg-idle\"><figure class=\"fg-item-inner\"><a href=\"http:\/\/uwg-hausen.de\/wp-content\/uploads\/2026\/01\/UWG-26_12-MCsepai.png\" target=\"foobox\" data-caption-title=\"Mehr zu Michael Csepai (Listenplatz 12)\" data-caption-desc=\"Michael Csepai (Listenplatz 12) \u2013 43, \nzwei Kinder (14 und 16), Gebietsverkaufsleiter.\n\nMichael ist wichtig: Die Aufgaben der Zukunft lassen sich nur gemeinsam l\u00f6sen. Entscheidend ist f\u00fcr ihn, dass wir miteinander reden \u2013 auch dann, wenn es einmal nicht die eigene Meinung ist. \nIm respektvollen Dialog k\u00f6nnen wir L\u00f6sungen finden, die Hausen &amp;amp; Wimmelbach weiterbringen.\" data-attachment-id=\"2792\" data-e-disable-page-transition=\"true\" data-type=\"image\" class=\"fg-thumb\"><span class=\"fg-image-wrap\"><img decoding=\"async\" alt=\"Mehr zu Michael Csepai (Listenplatz 12)\" title=\"Michael Csepai (Listenplatz 12) \u2013 43, \nzwei Kinder (14 und 16), Gebietsverkaufsleiter.\" width=\"180\" height=\"180\" class=\"skip-lazy fg-image\" data-src-fg=\"https:\/\/uwg-hausen.de\/wp-content\/uploads\/cache\/2026\/01\/UWG-2026_12-MCepai_Thumb\/3299749621.jpg\" src=\"data:image\/svg+xml,%3Csvg%20xmlns%3D%22http%3A%2F%2Fwww.w3.org%2F2000%2Fsvg%22%20width%3D%22180%22%20height%3D%22180%22%20viewBox%3D%220%200%20180%20180%22%3E%3C%2Fsvg%3E\" loading=\"eager\"><\/span><span class=\"fg-image-overlay\"><\/span><\/a><figcaption class=\"fg-caption\"><div class=\"fg-caption-inner\"><div class=\"fg-caption-title\">Mehr zu Michael Csepai (Listenplatz 12)<\/div><\/div><\/figcaption><\/figure><div class=\"fg-loader\"><\/div><\/div><div class=\"fg-item fg-type-image fg-idle\"><figure class=\"fg-item-inner\"><a href=\"http:\/\/uwg-hausen.de\/wp-content\/uploads\/2026\/01\/UWG-26_13-ANuernberger.png\" target=\"foobox\" data-caption-title=\"Mehr zu Andre N\u00fcrnberger (Listenplatz 13)\" data-caption-desc=\"Andre N\u00fcrnberger (Listenplatz 13) \u2013 41, \nverheiratet, zwei Kinder, Polizeibeamter.\n\nAndre bringt neue Perspektiven ein und setzt auf frische Ideen, die zu pragmatischen L\u00f6sungen f\u00fchren. \nWichtig ist ihm eine konstruktive Zusammenarbeit zum Wohl unserer Gemeinde \u2013 sachlich, respektvoll und l\u00f6sungsorientiert f\u00fcr Hausen &amp;amp; Wimmelbach.\" data-attachment-id=\"2793\" data-e-disable-page-transition=\"true\" data-type=\"image\" class=\"fg-thumb\"><span class=\"fg-image-wrap\"><img decoding=\"async\" alt=\"Mehr zu Andre N\u00fcrnberger (Listenplatz 13)\" title=\"Andre N\u00fcrnberger (Listenplatz 13) \u2013 41, \nverheiratet, zwei Kinder, Polizeibeamter.\" width=\"180\" height=\"180\" class=\"skip-lazy fg-image\" data-src-fg=\"https:\/\/uwg-hausen.de\/wp-content\/uploads\/cache\/2026\/01\/UWG-2026_13-ANuernberger_Thumb\/2436999600.jpg\" src=\"data:image\/svg+xml,%3Csvg%20xmlns%3D%22http%3A%2F%2Fwww.w3.org%2F2000%2Fsvg%22%20width%3D%22180%22%20height%3D%22180%22%20viewBox%3D%220%200%20180%20180%22%3E%3C%2Fsvg%3E\" loading=\"eager\"><\/span><span class=\"fg-image-overlay\"><\/span><\/a><figcaption class=\"fg-caption\"><div class=\"fg-caption-inner\"><div class=\"fg-caption-title\">Mehr zu Andre N\u00fcrnberger (Listenplatz 13)<\/div><\/div><\/figcaption><\/figure><div class=\"fg-loader\"><\/div><\/div><div class=\"fg-item fg-type-image fg-idle\"><figure class=\"fg-item-inner\"><a href=\"http:\/\/uwg-hausen.de\/wp-content\/uploads\/2026\/01\/UWG-26_14-ESchmitt.png\" target=\"foobox\" data-caption-title=\"Mehr zu Eva Schmitt (Listenplatz 14)\" data-caption-desc=\"Eva Schmitt (Listenplatz 14) \u2013 43, \nverheiratet, zwei Kinder, Hebamme.\n\nEva m\u00f6chte sich besonders f\u00fcr die Belange von Familien einsetzen und daf\u00fcr sorgen, dass Hausen &amp;amp; Wimmelbach f\u00fcr Kinder und Eltern attraktiv und lebenswert bleiben. \nGleichzeitig liegen ihr auch unsere \u00e4lteren Mitb\u00fcrgerinnen und Mitb\u00fcrger am Herzen \u2013 ihre Teilhabe, Unterst\u00fctzung und Wertsch\u00e4tzung sind ihr ein wichtiges Anliegen.\nGemeinsam m\u00f6chte Eva dazu beitragen, dass Hausen ein Ort bleibt, an dem sich alle Generationen wohlf\u00fchlen.\" data-attachment-id=\"2794\" data-e-disable-page-transition=\"true\" data-type=\"image\" class=\"fg-thumb\"><span class=\"fg-image-wrap\"><img decoding=\"async\" alt=\"Mehr zu Eva Schmitt (Listenplatz 14)\" title=\"Eva Schmitt (Listenplatz 14) \u2013 43, \nverheiratet, zwei Kinder, Hebamme.\" width=\"180\" height=\"180\" class=\"skip-lazy fg-image\" data-src-fg=\"https:\/\/uwg-hausen.de\/wp-content\/uploads\/cache\/2026\/01\/UWG-2026_14-ESchmitt_Thumb\/3640206217.jpg\" src=\"data:image\/svg+xml,%3Csvg%20xmlns%3D%22http%3A%2F%2Fwww.w3.org%2F2000%2Fsvg%22%20width%3D%22180%22%20height%3D%22180%22%20viewBox%3D%220%200%20180%20180%22%3E%3C%2Fsvg%3E\" loading=\"eager\"><\/span><span class=\"fg-image-overlay\"><\/span><\/a><figcaption class=\"fg-caption\"><div class=\"fg-caption-inner\"><div class=\"fg-caption-title\">Mehr zu Eva Schmitt (Listenplatz 14)<\/div><\/div><\/figcaption><\/figure><div class=\"fg-loader\"><\/div><\/div><div class=\"fg-item fg-type-image fg-idle\"><figure class=\"fg-item-inner\"><a href=\"http:\/\/uwg-hausen.de\/wp-content\/uploads\/2026\/01\/UWG-26_15-Kupfer.png\" target=\"foobox\" data-caption-title=\"Mehr zu Michael Kupfer (Listenplatz 15)\" data-caption-desc=\"Michael Kupfer (Listenplatz 15) \u2013 42, \nvier Kinder, selbstst\u00e4ndiger Gem\u00fcsebaug\u00e4rtner.\n\nMichael steht f\u00fcr eine transparente und faire Kommunalpolitik \u2013 ohne Sonderrechte f\u00fcr Einzelne. \n\nKlare Entscheidungen, nachvollziehbare Abl\u00e4ufe und gleiche Regeln f\u00fcr alle: Daf\u00fcr tritt er in Hausen &amp;amp; Wimmelbach ein.\" data-attachment-id=\"2795\" data-e-disable-page-transition=\"true\" data-type=\"image\" class=\"fg-thumb\"><span class=\"fg-image-wrap\"><img decoding=\"async\" alt=\"Mehr zu Michael Kupfer (Listenplatz 15)\" title=\"Michael Kupfer (Listenplatz 15) \u2013 42, \nvier Kinder, selbstst\u00e4ndiger Gem\u00fcsebaug\u00e4rtner.\" width=\"180\" height=\"180\" class=\"skip-lazy fg-image\" data-src-fg=\"https:\/\/uwg-hausen.de\/wp-content\/uploads\/cache\/2026\/01\/UWG-2026_15-Kupfer_Thumb\/4090760338.jpg\" src=\"data:image\/svg+xml,%3Csvg%20xmlns%3D%22http%3A%2F%2Fwww.w3.org%2F2000%2Fsvg%22%20width%3D%22180%22%20height%3D%22180%22%20viewBox%3D%220%200%20180%20180%22%3E%3C%2Fsvg%3E\" loading=\"eager\"><\/span><span class=\"fg-image-overlay\"><\/span><\/a><figcaption class=\"fg-caption\"><div class=\"fg-caption-inner\"><div class=\"fg-caption-title\">Mehr zu Michael Kupfer (Listenplatz 15)<\/div><\/div><\/figcaption><\/figure><div class=\"fg-loader\"><\/div><\/div><div class=\"fg-item fg-type-image fg-idle\"><figure class=\"fg-item-inner\"><a href=\"http:\/\/uwg-hausen.de\/wp-content\/uploads\/2026\/01\/UWG-26_16-IBuschner-Krug.png\" target=\"foobox\" data-caption-title=\"Mehr zu Irene Buschner-Krug (Listenplatz 16)\" data-caption-desc=\"Irene Buschner-Krug (Listenplatz 16) \u2013 51, verheiratet, zwei Kinder, Architektin.\n\nIrene liegt am Herzen, dass Geschichte, Kultur und Natur in Hausen &amp;amp; Wimmelbach erhalten bleiben. \nMit ihrem Blick als Architektin setzt sie sich daf\u00fcr ein, ortsbildpr\u00e4gende Bauten zu bewahren und unsere Ortsmitte zu st\u00e4rken und wiederzubeleben \u2013 \ndamit Hausen und Wimmelbach d\u00f6rflich gepr\u00e4gt bleiben und nicht zur Vorstadtsiedlung werden.\n\nWichtig ist ihr au\u00dferdem, dass Vereine und soziale Einrichtungen in der Gemeinde mehr Geh\u00f6r finden.\" data-attachment-id=\"2796\" data-e-disable-page-transition=\"true\" data-type=\"image\" class=\"fg-thumb\"><span class=\"fg-image-wrap\"><img decoding=\"async\" alt=\"Mehr zu Irene Buschner-Krug (Listenplatz 16)\" title=\"Irene Buschner-Krug (Listenplatz 16) \u2013 51, verheiratet, zwei Kinder, Architektin.\" width=\"180\" height=\"180\" class=\"skip-lazy fg-image\" data-src-fg=\"https:\/\/uwg-hausen.de\/wp-content\/uploads\/cache\/2026\/01\/UWG-2026_16-IBuschner-Krug_Thumb\/3886701311.jpg\" src=\"data:image\/svg+xml,%3Csvg%20xmlns%3D%22http%3A%2F%2Fwww.w3.org%2F2000%2Fsvg%22%20width%3D%22180%22%20height%3D%22180%22%20viewBox%3D%220%200%20180%20180%22%3E%3C%2Fsvg%3E\" loading=\"eager\"><\/span><span class=\"fg-image-overlay\"><\/span><\/a><figcaption class=\"fg-caption\"><div class=\"fg-caption-inner\"><div class=\"fg-caption-title\">Mehr zu Irene Buschner-Krug (Listenplatz 16)<\/div><\/div><\/figcaption><\/figure><div class=\"fg-loader\"><\/div><\/div><\/div>\n\n\n\n<hr class=\"wp-block-separator has-css-opacity\"\/>\n","protected":false},"excerpt":{"rendered":"<p>Die Kandidatinnen und Kandidaten der UWG-Hausen f\u00fcr den Gemeinderat zur Kommunalwahl am 08.03.2026 Tip: Klicke auf ein Bild f\u00fcr die gr\u00f6\u00dfere Anzeige und einem Statement des jeweiligen UWG-Hausen Kandidaten.<\/p>\n","protected":false},"author":7,"featured_media":40,"parent":2725,"menu_order":2,"comment_status":"closed","ping_status":"closed","template":"page-fullwidth.php","meta":{"_eb_attr":"","footnotes":""},"class_list":["post-2730","page","type-page","status-publish","has-post-thumbnail","hentry"],"_links":{"self":[{"href":"https:\/\/uwg-hausen.de\/index.php?rest_route=\/wp\/v2\/pages\/2730","targetHints":{"allow":["GET"]}}],"collection":[{"href":"https:\/\/uwg-hausen.de\/index.php?rest_route=\/wp\/v2\/pages"}],"about":[{"href":"https:\/\/uwg-hausen.de\/index.php?rest_route=\/wp\/v2\/types\/page"}],"author":[{"embeddable":true,"href":"https:\/\/uwg-hausen.de\/index.php?rest_route=\/wp\/v2\/users\/7"}],"replies":[{"embeddable":true,"href":"https:\/\/uwg-hausen.de\/index.php?rest_route=%2Fwp%2Fv2%2Fcomments&post=2730"}],"version-history":[{"count":6,"href":"https:\/\/uwg-hausen.de\/index.php?rest_route=\/wp\/v2\/pages\/2730\/revisions"}],"predecessor-version":[{"id":2930,"href":"https:\/\/uwg-hausen.de\/index.php?rest_route=\/wp\/v2\/pages\/2730\/revisions\/2930"}],"up":[{"embeddable":true,"href":"https:\/\/uwg-hausen.de\/index.php?rest_route=\/wp\/v2\/pages\/2725"}],"wp:featuredmedia":[{"embeddable":true,"href":"https:\/\/uwg-hausen.de\/index.php?rest_route=\/wp\/v2\/media\/40"}],"wp:attachment":[{"href":"https:\/\/uwg-hausen.de\/index.php?rest_route=%2Fwp%2Fv2%2Fmedia&parent=2730"}],"curies":[{"name":"wp","href":"https:\/\/api.w.org\/{rel}","templated":true}]}}